{"id":19,"date":"2014-02-01T13:26:01","date_gmt":"2014-02-01T13:26:01","guid":{"rendered":"http:\/\/reiseblock.ch\/wordpress\/?page_id=19"},"modified":"2025-11-08T20:41:27","modified_gmt":"2025-11-08T19:41:27","slug":"ueber-mich","status":"publish","type":"page","link":"https:\/\/reiseblock.ch\/wordpress\/ueber-mich\/","title":{"rendered":"Pers\u00f6nlich"},"content":{"rendered":"<p><span style=\"font-family: Verdana,Geneva; font-size: small;\">19<a href=\"http:\/\/reiseblock.ch\/wordpress\/wp-content\/uploads\/2014\/02\/Ursula.Kohle_Web.jpg\"><img loading=\"lazy\" decoding=\"async\" class=\"wp-image-200 alignleft\" src=\"http:\/\/reiseblock.ch\/wordpress\/wp-content\/uploads\/2014\/02\/Ursula.Kohle_Web.jpg\" alt=\"Ursula.Kohle_Web\" width=\"84\" height=\"117\" srcset=\"https:\/\/reiseblock.ch\/wordpress\/wp-content\/uploads\/2014\/02\/Ursula.Kohle_Web.jpg 510w, https:\/\/reiseblock.ch\/wordpress\/wp-content\/uploads\/2014\/02\/Ursula.Kohle_Web-215x300.jpg 215w\" sizes=\"auto, (max-width: 84px) 100vw, 84px\" \/><\/a>61 geboren, bin ich in Oberrieden am Z\u00fcrichsee in einer f\u00fcnfk\u00f6pfigen Familie aufgewachsen. Nach der Matura folgten zwei Jahren mit Reisen und verschiedenen Jobs. Ausgebildet als Ergotherapeutin arbeitete ich auf diesem Beruf einige Jahre, insbesondere in der Rehabilitation erwachsener Hirnverletzter. Nach einem halbj\u00e4hrigen Aufenthalt in den USA entschied ich mich in Z\u00fcrich f\u00fcr das Studium der Philosophie und Germanistik, das ich 1999 mit dem Lizenziat abschloss.<\/span><\/p>\n<p><span style=\"font-family: Verdana,Geneva; font-size: small;\">Meine beiden T\u00f6chter sind 1998 und 2001 geboren. Studium, Familie und Arbeit haben mich l\u00e4ngere Zeit an Ort gebunden. Die Freude am Reisen hat sich aber immer wieder durchgesetzt. 2001 erhielt ich die Gelegenheit, erstmals am Familienreisef\u00fchrer KIDS mitzuarbeiten, wozu ich kinderfreundliche Reiseziele in einzelnen Kantonen der Schweiz recherchierte. Inzwischen sind weitere Auflagen dazugekommen.<\/span><\/p>\n<p><span style=\"font-family: Verdana,Geneva; font-size: small;\">Das Reisevirus hat sich auf die Familie \u00fcbertragen. In Europa haben wir Schweden, D\u00e4nemark, Norwegen, aber auch Kroatien, Italien, Frankreich und Deutschland bereist. Ein Sommer war einer l\u00e4ngeren USA-Reise gewidmet.<br \/>\n<\/span><\/p>\n<p><span style=\"font-family: Verdana,Geneva; font-size: small;\">Immer wieder und zunehmend wurde die Schweiz erforscht. Dies aus einem einfachen Grund: Im Fr\u00fchjahr 2013 ist der Reisef\u00fchrer \u00abTrips mit Kids\u00bb beim Werd Verlag erschienen. Im Juni 2017 folgte das zweite Reisebuch: \u00abLiterarisches Reisefieber\u00bb (AS-Verlag). Und 2021 ist neu der dritte Reiseband (Werd Verlag) erschienen, den ich mit einem Team erarbeitet habe: \u00bbAuf den Spuren der Literatur\u00bb.<br \/>\n<\/span><\/p>\n<p>2025 habe ich mit meinem vierten Buch \u00abDenkgang \u2013 Philosophische Streifz\u00fcge in der Natur\u00bb einen eigenen Verlag gegr\u00fcndet, die Edition Kohler.<\/p>\n<p><span style=\"font-family: Verdana,Geneva; font-size: small;\">Seit 2014 bin ich teilzeitlich als selbst\u00e4ndige Lektorin, Redaktorin und <\/span><span style=\"font-family: Verdana,Geneva; font-size: small;\">Journalistin t\u00e4tig.<br \/>\n<\/span><\/p>\n<p><span style=\"font-family: Verdana,Geneva; font-size: small;\">\u00dcbers Reisen schreiben, neue Entdeckungen und Tipps an andere Reisefreudige weitergeben, das freut mich \u2013 und dazu soll dieser Blog dienen. Alle Beitr\u00e4ge sind unabh\u00e4ngig geschrieben.<br \/>\n<\/span><\/p>\n","protected":false},"excerpt":{"rendered":"<p>1961 geboren, bin ich in Oberrieden am Z\u00fcrichsee in einer f\u00fcnfk\u00f6pfigen Familie aufgewachsen. Nach der Matura folgten zwei Jahren mit Reisen und verschiedenen Jobs. Ausgebildet [&#8230;]<\/p>\n","protected":false},"author":1,"featured_media":0,"parent":0,"menu_order":0,"comment_status":"open","ping_status":"open","template":"","meta":{"footnotes":""},"class_list":["post-19","page","type-page","status-publish","hentry"],"yoast_head":"<!-- This site is optimized with the Yoast SEO plugin v27.8 - https:\/\/yoast.com\/product\/yoast-seo-wordpress\/ -->\n<title>Pers\u00f6nlich &#8211; Reiseblock<\/title>\n<meta name=\"robots\" content=\"index, follow, max-snippet:-1, max-image-preview:large, max-video-preview:-1\" \/>\n<link rel=\"canonical\" href=\"https:\/\/reiseblock.ch\/wordpress\/ueber-mich\/\" \/>\n<meta property=\"og:locale\" content=\"de_DE\" \/>\n<meta property=\"og:type\" content=\"article\" \/>\n<meta property=\"og:title\" content=\"Pers\u00f6nlich &#8211; Reiseblock\" \/>\n<meta property=\"og:description\" content=\"1961 geboren, bin ich in Oberrieden am Z\u00fcrichsee in einer f\u00fcnfk\u00f6pfigen Familie aufgewachsen. Nach der Matura folgten zwei Jahren mit Reisen und verschiedenen Jobs. Ausgebildet [...]\" \/>\n<meta property=\"og:url\" content=\"https:\/\/reiseblock.ch\/wordpress\/ueber-mich\/\" \/>\n<meta property=\"og:site_name\" content=\"Reiseblock\" \/>\n<meta property=\"article:modified_time\" content=\"2025-11-08T19:41:27+00:00\" \/>\n<meta property=\"og:image\" content=\"https:\/\/reiseblock.ch\/wordpress\/wp-content\/uploads\/2014\/02\/Ursula.Kohle_Web.jpg\" \/>\n\t<meta property=\"og:image:width\" content=\"510\" \/>\n\t<meta property=\"og:image:height\" content=\"709\" \/>\n\t<meta property=\"og:image:type\" content=\"image\/jpeg\" \/>\n<meta name=\"twitter:label1\" content=\"Gesch\u00e4tzte Lesezeit\" \/>\n\t<meta name=\"twitter:data1\" content=\"2\u00a0Minuten\" \/>\n<script type=\"application\/ld+json\" class=\"yoast-schema-graph\">{\"@context\":\"https:\\\/\\\/schema.org\",\"@graph\":[{\"@type\":\"WebPage\",\"@id\":\"https:\\\/\\\/reiseblock.ch\\\/wordpress\\\/ueber-mich\\\/\",\"url\":\"https:\\\/\\\/reiseblock.ch\\\/wordpress\\\/ueber-mich\\\/\",\"name\":\"Pers\u00f6nlich &#8211; Reiseblock\",\"isPartOf\":{\"@id\":\"https:\\\/\\\/reiseblock.ch\\\/wordpress\\\/#website\"},\"primaryImageOfPage\":{\"@id\":\"https:\\\/\\\/reiseblock.ch\\\/wordpress\\\/ueber-mich\\\/#primaryimage\"},\"image\":{\"@id\":\"https:\\\/\\\/reiseblock.ch\\\/wordpress\\\/ueber-mich\\\/#primaryimage\"},\"thumbnailUrl\":\"http:\\\/\\\/reiseblock.ch\\\/wordpress\\\/wp-content\\\/uploads\\\/2014\\\/02\\\/Ursula.Kohle_Web.jpg\",\"datePublished\":\"2014-02-01T13:26:01+00:00\",\"dateModified\":\"2025-11-08T19:41:27+00:00\",\"breadcrumb\":{\"@id\":\"https:\\\/\\\/reiseblock.ch\\\/wordpress\\\/ueber-mich\\\/#breadcrumb\"},\"inLanguage\":\"de\",\"potentialAction\":[{\"@type\":\"ReadAction\",\"target\":[\"https:\\\/\\\/reiseblock.ch\\\/wordpress\\\/ueber-mich\\\/\"]}]},{\"@type\":\"ImageObject\",\"inLanguage\":\"de\",\"@id\":\"https:\\\/\\\/reiseblock.ch\\\/wordpress\\\/ueber-mich\\\/#primaryimage\",\"url\":\"http:\\\/\\\/reiseblock.ch\\\/wordpress\\\/wp-content\\\/uploads\\\/2014\\\/02\\\/Ursula.Kohle_Web.jpg\",\"contentUrl\":\"http:\\\/\\\/reiseblock.ch\\\/wordpress\\\/wp-content\\\/uploads\\\/2014\\\/02\\\/Ursula.Kohle_Web.jpg\"},{\"@type\":\"BreadcrumbList\",\"@id\":\"https:\\\/\\\/reiseblock.ch\\\/wordpress\\\/ueber-mich\\\/#breadcrumb\",\"itemListElement\":[{\"@type\":\"ListItem\",\"position\":1,\"name\":\"Home\",\"item\":\"https:\\\/\\\/reiseblock.ch\\\/wordpress\\\/\"},{\"@type\":\"ListItem\",\"position\":2,\"name\":\"Pers\u00f6nlich\"}]},{\"@type\":\"WebSite\",\"@id\":\"https:\\\/\\\/reiseblock.ch\\\/wordpress\\\/#website\",\"url\":\"https:\\\/\\\/reiseblock.ch\\\/wordpress\\\/\",\"name\":\"Reiseblock\",\"description\":\"Ursula Kohlers ReiseWeise\",\"publisher\":{\"@id\":\"https:\\\/\\\/reiseblock.ch\\\/wordpress\\\/#\\\/schema\\\/person\\\/eafba14374f16d5fa4f73efd49243014\"},\"potentialAction\":[{\"@type\":\"SearchAction\",\"target\":{\"@type\":\"EntryPoint\",\"urlTemplate\":\"https:\\\/\\\/reiseblock.ch\\\/wordpress\\\/?s={search_term_string}\"},\"query-input\":{\"@type\":\"PropertyValueSpecification\",\"valueRequired\":true,\"valueName\":\"search_term_string\"}}],\"inLanguage\":\"de\"},{\"@type\":[\"Person\",\"Organization\"],\"@id\":\"https:\\\/\\\/reiseblock.ch\\\/wordpress\\\/#\\\/schema\\\/person\\\/eafba14374f16d5fa4f73efd49243014\",\"name\":\"Ursula Kohler\",\"image\":{\"@type\":\"ImageObject\",\"inLanguage\":\"de\",\"@id\":\"https:\\\/\\\/secure.gravatar.com\\\/avatar\\\/014d9b9a971f617638f4298cbb55f92d20b3bf0d1c9cc32f65333b2769bcf867?s=96&d=blank&r=g\",\"url\":\"https:\\\/\\\/secure.gravatar.com\\\/avatar\\\/014d9b9a971f617638f4298cbb55f92d20b3bf0d1c9cc32f65333b2769bcf867?s=96&d=blank&r=g\",\"contentUrl\":\"https:\\\/\\\/secure.gravatar.com\\\/avatar\\\/014d9b9a971f617638f4298cbb55f92d20b3bf0d1c9cc32f65333b2769bcf867?s=96&d=blank&r=g\",\"caption\":\"Ursula Kohler\"},\"logo\":{\"@id\":\"https:\\\/\\\/secure.gravatar.com\\\/avatar\\\/014d9b9a971f617638f4298cbb55f92d20b3bf0d1c9cc32f65333b2769bcf867?s=96&d=blank&r=g\"}}]}<\/script>\n<!-- \/ Yoast SEO plugin. -->","yoast_head_json":{"title":"Pers\u00f6nlich &#8211; Reiseblock","robots":{"index":"index","follow":"follow","max-snippet":"max-snippet:-1","max-image-preview":"max-image-preview:large","max-video-preview":"max-video-preview:-1"},"canonical":"https:\/\/reiseblock.ch\/wordpress\/ueber-mich\/","og_locale":"de_DE","og_type":"article","og_title":"Pers\u00f6nlich &#8211; Reiseblock","og_description":"1961 geboren, bin ich in Oberrieden am Z\u00fcrichsee in einer f\u00fcnfk\u00f6pfigen Familie aufgewachsen. Nach der Matura folgten zwei Jahren mit Reisen und verschiedenen Jobs. Ausgebildet [...]","og_url":"https:\/\/reiseblock.ch\/wordpress\/ueber-mich\/","og_site_name":"Reiseblock","article_modified_time":"2025-11-08T19:41:27+00:00","og_image":[{"width":510,"height":709,"url":"https:\/\/reiseblock.ch\/wordpress\/wp-content\/uploads\/2014\/02\/Ursula.Kohle_Web.jpg","type":"image\/jpeg"}],"twitter_misc":{"Gesch\u00e4tzte Lesezeit":"2\u00a0Minuten"},"schema":{"@context":"https:\/\/schema.org","@graph":[{"@type":"WebPage","@id":"https:\/\/reiseblock.ch\/wordpress\/ueber-mich\/","url":"https:\/\/reiseblock.ch\/wordpress\/ueber-mich\/","name":"Pers\u00f6nlich &#8211; Reiseblock","isPartOf":{"@id":"https:\/\/reiseblock.ch\/wordpress\/#website"},"primaryImageOfPage":{"@id":"https:\/\/reiseblock.ch\/wordpress\/ueber-mich\/#primaryimage"},"image":{"@id":"https:\/\/reiseblock.ch\/wordpress\/ueber-mich\/#primaryimage"},"thumbnailUrl":"http:\/\/reiseblock.ch\/wordpress\/wp-content\/uploads\/2014\/02\/Ursula.Kohle_Web.jpg","datePublished":"2014-02-01T13:26:01+00:00","dateModified":"2025-11-08T19:41:27+00:00","breadcrumb":{"@id":"https:\/\/reiseblock.ch\/wordpress\/ueber-mich\/#breadcrumb"},"inLanguage":"de","potentialAction":[{"@type":"ReadAction","target":["https:\/\/reiseblock.ch\/wordpress\/ueber-mich\/"]}]},{"@type":"ImageObject","inLanguage":"de","@id":"https:\/\/reiseblock.ch\/wordpress\/ueber-mich\/#primaryimage","url":"http:\/\/reiseblock.ch\/wordpress\/wp-content\/uploads\/2014\/02\/Ursula.Kohle_Web.jpg","contentUrl":"http:\/\/reiseblock.ch\/wordpress\/wp-content\/uploads\/2014\/02\/Ursula.Kohle_Web.jpg"},{"@type":"BreadcrumbList","@id":"https:\/\/reiseblock.ch\/wordpress\/ueber-mich\/#breadcrumb","itemListElement":[{"@type":"ListItem","position":1,"name":"Home","item":"https:\/\/reiseblock.ch\/wordpress\/"},{"@type":"ListItem","position":2,"name":"Pers\u00f6nlich"}]},{"@type":"WebSite","@id":"https:\/\/reiseblock.ch\/wordpress\/#website","url":"https:\/\/reiseblock.ch\/wordpress\/","name":"Reiseblock","description":"Ursula Kohlers ReiseWeise","publisher":{"@id":"https:\/\/reiseblock.ch\/wordpress\/#\/schema\/person\/eafba14374f16d5fa4f73efd49243014"},"potentialAction":[{"@type":"SearchAction","target":{"@type":"EntryPoint","urlTemplate":"https:\/\/reiseblock.ch\/wordpress\/?s={search_term_string}"},"query-input":{"@type":"PropertyValueSpecification","valueRequired":true,"valueName":"search_term_string"}}],"inLanguage":"de"},{"@type":["Person","Organization"],"@id":"https:\/\/reiseblock.ch\/wordpress\/#\/schema\/person\/eafba14374f16d5fa4f73efd49243014","name":"Ursula Kohler","image":{"@type":"ImageObject","inLanguage":"de","@id":"https:\/\/secure.gravatar.com\/avatar\/014d9b9a971f617638f4298cbb55f92d20b3bf0d1c9cc32f65333b2769bcf867?s=96&d=blank&r=g","url":"https:\/\/secure.gravatar.com\/avatar\/014d9b9a971f617638f4298cbb55f92d20b3bf0d1c9cc32f65333b2769bcf867?s=96&d=blank&r=g","contentUrl":"https:\/\/secure.gravatar.com\/avatar\/014d9b9a971f617638f4298cbb55f92d20b3bf0d1c9cc32f65333b2769bcf867?s=96&d=blank&r=g","caption":"Ursula Kohler"},"logo":{"@id":"https:\/\/secure.gravatar.com\/avatar\/014d9b9a971f617638f4298cbb55f92d20b3bf0d1c9cc32f65333b2769bcf867?s=96&d=blank&r=g"}}]}},"_links":{"self":[{"href":"https:\/\/reiseblock.ch\/wordpress\/wp-json\/wp\/v2\/pages\/19","targetHints":{"allow":["GET"]}}],"collection":[{"href":"https:\/\/reiseblock.ch\/wordpress\/wp-json\/wp\/v2\/pages"}],"about":[{"href":"https:\/\/reiseblock.ch\/wordpress\/wp-json\/wp\/v2\/types\/page"}],"author":[{"embeddable":true,"href":"https:\/\/reiseblock.ch\/wordpress\/wp-json\/wp\/v2\/users\/1"}],"replies":[{"embeddable":true,"href":"https:\/\/reiseblock.ch\/wordpress\/wp-json\/wp\/v2\/comments?post=19"}],"version-history":[{"count":24,"href":"https:\/\/reiseblock.ch\/wordpress\/wp-json\/wp\/v2\/pages\/19\/revisions"}],"predecessor-version":[{"id":3870,"href":"https:\/\/reiseblock.ch\/wordpress\/wp-json\/wp\/v2\/pages\/19\/revisions\/3870"}],"wp:attachment":[{"href":"https:\/\/reiseblock.ch\/wordpress\/wp-json\/wp\/v2\/media?parent=19"}],"curies":[{"name":"wp","href":"https:\/\/api.w.org\/{rel}","templated":true}]}}